{"version":"1.0","provider_name":"Med-O-Med","provider_url":"https:\/\/medomed.org\/es\/","author_name":"Modesto","author_url":"https:\/\/medomed.org\/es\/author\/modesto\/","title":"Jard\u00edn Nazar\u00ed - V\u00e9lez de Benaudalla, Granada, Espa\u00f1a - Med-O-Med","type":"rich","width":600,"height":338,"html":"<blockquote class=\"wp-embedded-content\" data-secret=\"fCAbLZpero\"><a href=\"https:\/\/medomed.org\/es\/featured_item\/jardin-nazari-velez-de-benaudalla-granada-espana\/\">Jard\u00edn Nazar\u00ed &#8211; V\u00e9lez de Benaudalla, Granada, Espa\u00f1a<\/a><\/blockquote><iframe sandbox=\"allow-scripts\" security=\"restricted\" src=\"https:\/\/medomed.org\/es\/featured_item\/jardin-nazari-velez-de-benaudalla-granada-espana\/embed\/#?secret=fCAbLZpero\" width=\"600\" height=\"338\" title=\"\u00abJard\u00edn Nazar\u00ed &#8211; V\u00e9lez de Benaudalla, Granada, Espa\u00f1a\u00bb \u2014 Med-O-Med\" data-secret=\"fCAbLZpero\" frameborder=\"0\" marginwidth=\"0\" marginheight=\"0\" scrolling=\"no\" class=\"wp-embedded-content\"><\/iframe><script type=\"text\/javascript\">\n\/* <![CDATA[ *\/\n\/*! This file is auto-generated *\/\n!function(d,l){\"use strict\";l.querySelector&&d.addEventListener&&\"undefined\"!=typeof URL&&(d.wp=d.wp||{},d.wp.receiveEmbedMessage||(d.wp.receiveEmbedMessage=function(e){var t=e.data;if((t||t.secret||t.message||t.value)&&!\/[^a-zA-Z0-9]\/.test(t.secret)){for(var s,r,n,a=l.querySelectorAll('iframe[data-secret=\"'+t.secret+'\"]'),o=l.querySelectorAll('blockquote[data-secret=\"'+t.secret+'\"]'),c=new RegExp(\"^https?:$\",\"i\"),i=0;i<o.length;i++)o[i].style.display=\"none\";for(i=0;i<a.length;i++)s=a[i],e.source===s.contentWindow&&(s.removeAttribute(\"style\"),\"height\"===t.message?(1e3<(r=parseInt(t.value,10))?r=1e3:~~r<200&&(r=200),s.height=r):\"link\"===t.message&&(r=new URL(s.getAttribute(\"src\")),n=new URL(t.value),c.test(n.protocol))&&n.host===r.host&&l.activeElement===s&&(d.top.location.href=t.value))}},d.addEventListener(\"message\",d.wp.receiveEmbedMessage,!1),l.addEventListener(\"DOMContentLoaded\",function(){for(var e,t,s=l.querySelectorAll(\"iframe.wp-embedded-content\"),r=0;r<s.length;r++)(t=(e=s[r]).getAttribute(\"data-secret\"))||(t=Math.random().toString(36).substring(2,12),e.src+=\"#?secret=\"+t,e.setAttribute(\"data-secret\",t)),e.contentWindow.postMessage({message:\"ready\",secret:t},\"*\")},!1)))}(window,document);\n\/\/# sourceURL=https:\/\/medomed.org\/wp-includes\/js\/wp-embed.min.js\n\/* ]]> *\/\n<\/script>\n","thumbnail_url":"https:\/\/medomed.org\/wp-content\/uploads\/2011\/01\/fotosjardinnazari1-1.jpg","thumbnail_width":500,"thumbnail_height":750,"description":"El Jard\u00edn Nazar\u00ed de V\u00e9lez de Benaudalla constituye un excepcional ejemplo de jard\u00edn musulm\u00e1n, cuenta con un valor hist\u00f3rico destacado al ser uno de los escasos ejemplos conservados en Andaluc\u00eda, siendo el m\u00e1ximo exponente de estos el Generalife granadino, los profesionales ligados al \u00e1mbito de la restauraci\u00f3n consideran el jard\u00edn de V\u00e9lez de Benaudalla como [...]"}