{"version":"1.0","provider_name":"Med-O-Med","provider_url":"https:\/\/medomed.org\/es\/","author_name":"Alfonso Casani","author_url":"https:\/\/medomed.org\/es\/author\/alfonso\/","title":"Cuando las plantas son pol\u00edtica en Palestina - Med-O-Med","type":"rich","width":600,"height":338,"html":"<blockquote class=\"wp-embedded-content\" data-secret=\"FL75olog6R\"><a href=\"https:\/\/medomed.org\/es\/2022\/cuando-las-plantas-son-politica-en-palestina\/\">Cuando las plantas son pol\u00edtica en Palestina<\/a><\/blockquote><iframe sandbox=\"allow-scripts\" security=\"restricted\" src=\"https:\/\/medomed.org\/es\/2022\/cuando-las-plantas-son-politica-en-palestina\/embed\/#?secret=FL75olog6R\" width=\"600\" height=\"338\" title=\"\u00abCuando las plantas son pol\u00edtica en Palestina\u00bb \u2014 Med-O-Med\" data-secret=\"FL75olog6R\" frameborder=\"0\" marginwidth=\"0\" marginheight=\"0\" scrolling=\"no\" class=\"wp-embedded-content\"><\/iframe><script type=\"text\/javascript\">\n\/* <![CDATA[ *\/\n\/*! This file is auto-generated *\/\n!function(d,l){\"use strict\";l.querySelector&&d.addEventListener&&\"undefined\"!=typeof URL&&(d.wp=d.wp||{},d.wp.receiveEmbedMessage||(d.wp.receiveEmbedMessage=function(e){var t=e.data;if((t||t.secret||t.message||t.value)&&!\/[^a-zA-Z0-9]\/.test(t.secret)){for(var s,r,n,a=l.querySelectorAll('iframe[data-secret=\"'+t.secret+'\"]'),o=l.querySelectorAll('blockquote[data-secret=\"'+t.secret+'\"]'),c=new RegExp(\"^https?:$\",\"i\"),i=0;i<o.length;i++)o[i].style.display=\"none\";for(i=0;i<a.length;i++)s=a[i],e.source===s.contentWindow&&(s.removeAttribute(\"style\"),\"height\"===t.message?(1e3<(r=parseInt(t.value,10))?r=1e3:~~r<200&&(r=200),s.height=r):\"link\"===t.message&&(r=new URL(s.getAttribute(\"src\")),n=new URL(t.value),c.test(n.protocol))&&n.host===r.host&&l.activeElement===s&&(d.top.location.href=t.value))}},d.addEventListener(\"message\",d.wp.receiveEmbedMessage,!1),l.addEventListener(\"DOMContentLoaded\",function(){for(var e,t,s=l.querySelectorAll(\"iframe.wp-embedded-content\"),r=0;r<s.length;r++)(t=(e=s[r]).getAttribute(\"data-secret\"))||(t=Math.random().toString(36).substring(2,12),e.src+=\"#?secret=\"+t,e.setAttribute(\"data-secret\",t)),e.contentWindow.postMessage({message:\"ready\",secret:t},\"*\")},!1)))}(window,document);\n\/\/# sourceURL=https:\/\/medomed.org\/wp-includes\/js\/wp-embed.min.js\n\/* ]]> *\/\n<\/script>\n","thumbnail_url":"https:\/\/medomed.org\/wp-content\/uploads\/2022\/06\/Agricultura-cisjordania.jpg","thumbnail_width":1440,"thumbnail_height":960,"description":"Reproducimos el siguiente art\u00edculo publicado por Fundaci\u00f3n Al Fanar en conmemoraci\u00f3n de la Nakba, la expulsi\u00f3n de la poblaci\u00f3n palestina de su territorio ocurrida en 1948 como consecuencia de la creaci\u00f3n del Estado de Israel. El afirma Al Fanar, el art\u00edculo reflexiona sobre una arista m\u00e1s de la lucha palestina contra la ocupaci\u00f3n israel\u00ed: la [...]"}