{"version":"1.0","provider_name":"Med-O-Med","provider_url":"https:\/\/medomed.org\/es\/","author_name":"Ines","author_url":"https:\/\/medomed.org\/es\/author\/ines\/","title":"Inauguraci\u00f3n de \"El Jard\u00edn Andalus\u00ed\" en la AECID - Med-O-Med","type":"rich","width":600,"height":338,"html":"<blockquote class=\"wp-embedded-content\" data-secret=\"SRCgMSezp4\"><a href=\"https:\/\/medomed.org\/es\/2018\/la-exposicion-el-jardin-andalusi-en-la-aecid\/\">Inauguraci\u00f3n de \u00abEl Jard\u00edn Andalus\u00ed\u00bb en la AECID<\/a><\/blockquote><iframe sandbox=\"allow-scripts\" security=\"restricted\" src=\"https:\/\/medomed.org\/es\/2018\/la-exposicion-el-jardin-andalusi-en-la-aecid\/embed\/#?secret=SRCgMSezp4\" width=\"600\" height=\"338\" title=\"\u00abInauguraci\u00f3n de \u00abEl Jard\u00edn Andalus\u00ed\u00bb en la AECID\u00bb \u2014 Med-O-Med\" data-secret=\"SRCgMSezp4\" frameborder=\"0\" marginwidth=\"0\" marginheight=\"0\" scrolling=\"no\" class=\"wp-embedded-content\"><\/iframe><script type=\"text\/javascript\">\n\/* <![CDATA[ *\/\n\/*! This file is auto-generated *\/\n!function(d,l){\"use strict\";l.querySelector&&d.addEventListener&&\"undefined\"!=typeof URL&&(d.wp=d.wp||{},d.wp.receiveEmbedMessage||(d.wp.receiveEmbedMessage=function(e){var t=e.data;if((t||t.secret||t.message||t.value)&&!\/[^a-zA-Z0-9]\/.test(t.secret)){for(var s,r,n,a=l.querySelectorAll('iframe[data-secret=\"'+t.secret+'\"]'),o=l.querySelectorAll('blockquote[data-secret=\"'+t.secret+'\"]'),c=new RegExp(\"^https?:$\",\"i\"),i=0;i<o.length;i++)o[i].style.display=\"none\";for(i=0;i<a.length;i++)s=a[i],e.source===s.contentWindow&&(s.removeAttribute(\"style\"),\"height\"===t.message?(1e3<(r=parseInt(t.value,10))?r=1e3:~~r<200&&(r=200),s.height=r):\"link\"===t.message&&(r=new URL(s.getAttribute(\"src\")),n=new URL(t.value),c.test(n.protocol))&&n.host===r.host&&l.activeElement===s&&(d.top.location.href=t.value))}},d.addEventListener(\"message\",d.wp.receiveEmbedMessage,!1),l.addEventListener(\"DOMContentLoaded\",function(){for(var e,t,s=l.querySelectorAll(\"iframe.wp-embedded-content\"),r=0;r<s.length;r++)(t=(e=s[r]).getAttribute(\"data-secret\"))||(t=Math.random().toString(36).substring(2,12),e.src+=\"#?secret=\"+t,e.setAttribute(\"data-secret\",t)),e.contentWindow.postMessage({message:\"ready\",secret:t},\"*\")},!1)))}(window,document);\n\/\/# sourceURL=https:\/\/medomed.org\/wp-includes\/js\/wp-embed.min.js\n\/* ]]> *\/\n<\/script>\n","thumbnail_url":"https:\/\/medomed.org\/wp-content\/uploads\/2018\/01\/Olfativos_jardin-e1518210010268.jpg","thumbnail_width":900,"thumbnail_height":604,"description":"De nuevo la emblem\u00e1tica exposici\u00f3n de la FUNCI, El Jard\u00edn Andalus\u00ed, se ense\u00f1a, parcialmente, en Madrid. La muestra, que desde a\u00f1os viene recorriendo numerosas ciudades espa\u00f1olas, as\u00ed como distintos puntos de Marruecos, Siria, L\u00edbano, Arabia Saud\u00ed y Kuwait, ha llegado esta vez con aires de renovaci\u00f3n a la Biblioteca Isl\u00e1mica de la Agencia Espa\u00f1ola de [...]"}