{"version":"1.0","provider_name":"Med-O-Med","provider_url":"https:\/\/medomed.org\/es\/","author_name":"Ines","author_url":"https:\/\/medomed.org\/es\/author\/ines\/","title":"La Estaci\u00f3n de Torretes y Med-O-Med estrechan lazos - Med-O-Med","type":"rich","width":600,"height":338,"html":"<blockquote class=\"wp-embedded-content\" data-secret=\"y5B49fs80z\"><a href=\"https:\/\/medomed.org\/es\/2018\/acto-conmemorativo-en-la-estacion-biologica-de-torretes\/\">La Estaci\u00f3n de Torretes y Med-O-Med estrechan lazos<\/a><\/blockquote><iframe sandbox=\"allow-scripts\" security=\"restricted\" src=\"https:\/\/medomed.org\/es\/2018\/acto-conmemorativo-en-la-estacion-biologica-de-torretes\/embed\/#?secret=y5B49fs80z\" width=\"600\" height=\"338\" title=\"\u00abLa Estaci\u00f3n de Torretes y Med-O-Med estrechan lazos\u00bb \u2014 Med-O-Med\" data-secret=\"y5B49fs80z\" frameborder=\"0\" marginwidth=\"0\" marginheight=\"0\" scrolling=\"no\" class=\"wp-embedded-content\"><\/iframe><script type=\"text\/javascript\">\n\/* <![CDATA[ *\/\n\/*! This file is auto-generated *\/\n!function(d,l){\"use strict\";l.querySelector&&d.addEventListener&&\"undefined\"!=typeof URL&&(d.wp=d.wp||{},d.wp.receiveEmbedMessage||(d.wp.receiveEmbedMessage=function(e){var t=e.data;if((t||t.secret||t.message||t.value)&&!\/[^a-zA-Z0-9]\/.test(t.secret)){for(var s,r,n,a=l.querySelectorAll('iframe[data-secret=\"'+t.secret+'\"]'),o=l.querySelectorAll('blockquote[data-secret=\"'+t.secret+'\"]'),c=new RegExp(\"^https?:$\",\"i\"),i=0;i<o.length;i++)o[i].style.display=\"none\";for(i=0;i<a.length;i++)s=a[i],e.source===s.contentWindow&&(s.removeAttribute(\"style\"),\"height\"===t.message?(1e3<(r=parseInt(t.value,10))?r=1e3:~~r<200&&(r=200),s.height=r):\"link\"===t.message&&(r=new URL(s.getAttribute(\"src\")),n=new URL(t.value),c.test(n.protocol))&&n.host===r.host&&l.activeElement===s&&(d.top.location.href=t.value))}},d.addEventListener(\"message\",d.wp.receiveEmbedMessage,!1),l.addEventListener(\"DOMContentLoaded\",function(){for(var e,t,s=l.querySelectorAll(\"iframe.wp-embedded-content\"),r=0;r<s.length;r++)(t=(e=s[r]).getAttribute(\"data-secret\"))||(t=Math.random().toString(36).substring(2,12),e.src+=\"#?secret=\"+t,e.setAttribute(\"data-secret\",t)),e.contentWindow.postMessage({message:\"ready\",secret:t},\"*\")},!1)))}(window,document);\n\/\/# sourceURL=https:\/\/medomed.org\/wp-includes\/js\/wp-embed.min.js\n\/* ]]> *\/\n<\/script>\n","thumbnail_url":"https:\/\/medomed.org\/wp-content\/uploads\/2018\/07\/Acto_JBTorretes_RectorUA-AlcaldeIBI_baja.jpg","thumbnail_width":"900","thumbnail_height":"600","description":"El Jard\u00edn Bot\u00e1nico de la Estaci\u00f3n Biol\u00f3gica Torretes, de la Universidad de Alicante, acaba de celebrar un acto conmemorativo de su pertenencia a Med-O-Med, en concreto a la red de Jardines Bot\u00e1nicos que tienen como nexo de uni\u00f3n la cultura andalus\u00ed y \u00e1rabe de todo el Mediterr\u00e1neo. El pasado mi\u00e9rcoles 11 de julio se organiz\u00f3 [...]"}