{"version":"1.0","provider_name":"Med-O-Med","provider_url":"https:\/\/medomed.org\/es\/","author_name":"Med-O-Med","author_url":"https:\/\/medomed.org\/es\/author\/med-o-med\/","title":"El jard\u00edn andalus\u00ed de Rabat ha sido inaugurado - Med-O-Med","type":"rich","width":600,"height":338,"html":"<blockquote class=\"wp-embedded-content\" data-secret=\"mbHEl03S8c\"><a href=\"https:\/\/medomed.org\/es\/2013\/el-jardin-andalusi-de-rabat-ha-sido-inaugurado\/\">El jard\u00edn andalus\u00ed de Rabat ha sido inaugurado<\/a><\/blockquote><iframe sandbox=\"allow-scripts\" security=\"restricted\" src=\"https:\/\/medomed.org\/es\/2013\/el-jardin-andalusi-de-rabat-ha-sido-inaugurado\/embed\/#?secret=mbHEl03S8c\" width=\"600\" height=\"338\" title=\"\u00abEl jard\u00edn andalus\u00ed de Rabat ha sido inaugurado\u00bb \u2014 Med-O-Med\" data-secret=\"mbHEl03S8c\" frameborder=\"0\" marginwidth=\"0\" marginheight=\"0\" scrolling=\"no\" class=\"wp-embedded-content\"><\/iframe><script type=\"text\/javascript\">\n\/* <![CDATA[ *\/\n\/*! This file is auto-generated *\/\n!function(d,l){\"use strict\";l.querySelector&&d.addEventListener&&\"undefined\"!=typeof URL&&(d.wp=d.wp||{},d.wp.receiveEmbedMessage||(d.wp.receiveEmbedMessage=function(e){var t=e.data;if((t||t.secret||t.message||t.value)&&!\/[^a-zA-Z0-9]\/.test(t.secret)){for(var s,r,n,a=l.querySelectorAll('iframe[data-secret=\"'+t.secret+'\"]'),o=l.querySelectorAll('blockquote[data-secret=\"'+t.secret+'\"]'),c=new RegExp(\"^https?:$\",\"i\"),i=0;i<o.length;i++)o[i].style.display=\"none\";for(i=0;i<a.length;i++)s=a[i],e.source===s.contentWindow&&(s.removeAttribute(\"style\"),\"height\"===t.message?(1e3<(r=parseInt(t.value,10))?r=1e3:~~r<200&&(r=200),s.height=r):\"link\"===t.message&&(r=new URL(s.getAttribute(\"src\")),n=new URL(t.value),c.test(n.protocol))&&n.host===r.host&&l.activeElement===s&&(d.top.location.href=t.value))}},d.addEventListener(\"message\",d.wp.receiveEmbedMessage,!1),l.addEventListener(\"DOMContentLoaded\",function(){for(var e,t,s=l.querySelectorAll(\"iframe.wp-embedded-content\"),r=0;r<s.length;r++)(t=(e=s[r]).getAttribute(\"data-secret\"))||(t=Math.random().toString(36).substring(2,12),e.src+=\"#?secret=\"+t,e.setAttribute(\"data-secret\",t)),e.contentWindow.postMessage({message:\"ready\",secret:t},\"*\")},!1)))}(window,document);\n\/\/# sourceURL=https:\/\/medomed.org\/wp-includes\/js\/wp-embed.min.js\n\/* ]]> *\/\n<\/script>\n","thumbnail_url":"https:\/\/medomed.org\/wp-content\/uploads\/2013\/06\/MG_1124-e1504517713662.jpg","thumbnail_width":800,"thumbnail_height":533,"description":"Estamos de enhorabuena. El Jard\u00edn Bot\u00e1nico de Aclimataci\u00f3n de Rabat ha sido inaugurado el pasado 17 de junio por S.M. el Rey de Marruecos, y numerosas personalidades de la capital del pa\u00eds vecino. Y con \u00e9l, nuestro jard\u00edn andalus\u00ed y el pabell\u00f3n neo morisco que acoge la exposici\u00f3n \u201cAl-Andalus, una cultura del agua\u201d. El proyecto [...]"}