{"version":"1.0","provider_name":"Med-O-Med","provider_url":"https:\/\/medomed.org\/es\/","author_name":"Med-O-Med","author_url":"https:\/\/medomed.org\/es\/author\/med-o-med\/","title":"La Estaci\u00f3n Bi\u00f3logica Torretes, ya es Jard\u00edn Bot\u00e1nico - Med-O-Med","type":"rich","width":600,"height":338,"html":"<blockquote class=\"wp-embedded-content\" data-secret=\"TC4l3Oe1No\"><a href=\"https:\/\/medomed.org\/es\/2012\/la-estacion-biologica-torretes-ya-es-jardin-botanico\/\">La Estaci\u00f3n Bi\u00f3logica Torretes, ya es Jard\u00edn Bot\u00e1nico<\/a><\/blockquote><iframe sandbox=\"allow-scripts\" security=\"restricted\" src=\"https:\/\/medomed.org\/es\/2012\/la-estacion-biologica-torretes-ya-es-jardin-botanico\/embed\/#?secret=TC4l3Oe1No\" width=\"600\" height=\"338\" title=\"\u00abLa Estaci\u00f3n Bi\u00f3logica Torretes, ya es Jard\u00edn Bot\u00e1nico\u00bb \u2014 Med-O-Med\" data-secret=\"TC4l3Oe1No\" frameborder=\"0\" marginwidth=\"0\" marginheight=\"0\" scrolling=\"no\" class=\"wp-embedded-content\"><\/iframe><script type=\"text\/javascript\">\n\/* <![CDATA[ *\/\n\/*! This file is auto-generated *\/\n!function(d,l){\"use strict\";l.querySelector&&d.addEventListener&&\"undefined\"!=typeof URL&&(d.wp=d.wp||{},d.wp.receiveEmbedMessage||(d.wp.receiveEmbedMessage=function(e){var t=e.data;if((t||t.secret||t.message||t.value)&&!\/[^a-zA-Z0-9]\/.test(t.secret)){for(var s,r,n,a=l.querySelectorAll('iframe[data-secret=\"'+t.secret+'\"]'),o=l.querySelectorAll('blockquote[data-secret=\"'+t.secret+'\"]'),c=new RegExp(\"^https?:$\",\"i\"),i=0;i<o.length;i++)o[i].style.display=\"none\";for(i=0;i<a.length;i++)s=a[i],e.source===s.contentWindow&&(s.removeAttribute(\"style\"),\"height\"===t.message?(1e3<(r=parseInt(t.value,10))?r=1e3:~~r<200&&(r=200),s.height=r):\"link\"===t.message&&(r=new URL(s.getAttribute(\"src\")),n=new URL(t.value),c.test(n.protocol))&&n.host===r.host&&l.activeElement===s&&(d.top.location.href=t.value))}},d.addEventListener(\"message\",d.wp.receiveEmbedMessage,!1),l.addEventListener(\"DOMContentLoaded\",function(){for(var e,t,s=l.querySelectorAll(\"iframe.wp-embedded-content\"),r=0;r<s.length;r++)(t=(e=s[r]).getAttribute(\"data-secret\"))||(t=Math.random().toString(36).substring(2,12),e.src+=\"#?secret=\"+t,e.setAttribute(\"data-secret\",t)),e.contentWindow.postMessage({message:\"ready\",secret:t},\"*\")},!1)))}(window,document);\n\/\/# sourceURL=https:\/\/medomed.org\/wp-includes\/js\/wp-embed.min.js\n\/* ]]> *\/\n<\/script>\n","thumbnail_url":"https:\/\/medomed.org\/wp-content\/uploads\/2017\/02\/estaci\u00f3n-biologica-torretes_81-e1502970714897.jpg","thumbnail_width":900,"thumbnail_height":675,"description":"La Estaci\u00f3n Biol\u00f3gica Torretes, dirigida por nuestro amigo y colaborador, Segundo R\u00edos Ruiz, ha sido recientemente aceptada como Jard\u00edn Bot\u00e1nico por la AIMJB (Asociaci\u00f3n Ibero Macaron\u00e9sica de Jardines Bot\u00e1nicos). Recordemos que la Estaci\u00f3n Biol\u00f3gica Torretes, ubicada en el t\u00e9rmino municipal de Ibi (Alicante), constituye un importante corredor biol\u00f3gico que act\u00faa como conector entre las llanuras [...]"}